{"id":61,"date":"2013-09-09T14:48:07","date_gmt":"2013-09-09T12:48:07","guid":{"rendered":"http:\/\/teufelsfelsen.de\/?page_id=61"},"modified":"2014-04-29T14:14:32","modified_gmt":"2014-04-29T12:14:32","slug":"erfolge_2013","status":"publish","type":"page","link":"https:\/\/www.teufelsfelsen.de\/de\/erfolge_2013\/","title":{"rendered":"Erfolge 2013"},"content":{"rendered":"<p style=\"text-align: center\"><span style=\"text-decoration: underline\"><strong>Unsere Erfolge im Jahr 2013:<\/strong><\/span><\/p>\n<p style=\"text-align: center\">09. \/ 10. November 2013 &#8211; 69. IRAS und 2. NRAS in Karlsruhe<\/p>\n<p style=\"text-align: center\">Rauhhaarkaninchenteckel \/ rabbit wire:<br \/>\nJustin vom Teufelsfelsen<br \/>\nPlatz 1, Veteranen CAC\/VDH + DTK, Bester Veteran\/BOB Veteran, Veteranensieger Karlsruhe 2013<\/p>\n<p style=\"text-align: center\"><img loading=\"lazy\" decoding=\"async\" class=\"alignnone size-medium wp-image-1476\" src=\"https:\/\/www.teufelsfelsen.de\/de\/wp-content\/uploads\/sites\/2\/2013\/11\/IMG_20131111_092529-300x215.jpg\" alt=\"IMG_20131111_092529\" width=\"225\" height=\"161\" srcset=\"https:\/\/www.teufelsfelsen.de\/de\/wp-content\/uploads\/sites\/2\/2013\/11\/IMG_20131111_092529-300x215.jpg 300w, https:\/\/www.teufelsfelsen.de\/de\/wp-content\/uploads\/sites\/2\/2013\/11\/IMG_20131111_092529-1024x736.jpg 1024w, https:\/\/www.teufelsfelsen.de\/de\/wp-content\/uploads\/sites\/2\/2013\/11\/IMG_20131111_092529-700x503.jpg 700w, https:\/\/www.teufelsfelsen.de\/de\/wp-content\/uploads\/sites\/2\/2013\/11\/IMG_20131111_092529.jpg 1854w\" sizes=\"auto, (max-width: 225px) 100vw, 225px\" \/><\/p>\n<p style=\"text-align: center\">Narnja vom Teufelsfelsen<br \/>\nV1 VDH-CAC, DTK-CAC, BOS Sieger Karlsruhe 2013<\/p>\n<p style=\"text-align: center\">Rauhhaarzwergteckel \/ mini wire:<br \/>\nDago von der Buchenh\u00f6he<br \/>\nV1 VDH-CAC\/J, DTK-CAC\/J<br \/>\nBOB Jugend Jugendsieger Karlsruhe 2013<\/p>\n<div id=\"attachment_1497\" style=\"width: 310px\" class=\"wp-caption aligncenter\"><img loading=\"lazy\" decoding=\"async\" aria-describedby=\"caption-attachment-1497\" class=\"size-medium wp-image-1497\" src=\"https:\/\/www.teufelsfelsen.de\/de\/wp-content\/uploads\/sites\/2\/2013\/09\/D13150-10x-300x199.jpg\" alt=\"Dago von der Buchenh\u00f6he\" width=\"300\" height=\"199\" srcset=\"https:\/\/www.teufelsfelsen.de\/de\/wp-content\/uploads\/sites\/2\/2013\/09\/D13150-10x-300x199.jpg 300w, https:\/\/www.teufelsfelsen.de\/de\/wp-content\/uploads\/sites\/2\/2013\/09\/D13150-10x.jpg 650w\" sizes=\"auto, (max-width: 300px) 100vw, 300px\" \/><p id=\"caption-attachment-1497\" class=\"wp-caption-text\">Dago von der Buchenh\u00f6he<\/p><\/div>\n<p style=\"text-align: center\">Sindy vom Rainerschl\u00f6ssl<br \/>\nFCI Platz 1, Veteranen CAC\/VDH + DTK<br \/>\nBester Veteran, Veteranensieger Karlsruhe 2013<\/p>\n<p style=\"text-align: center\">Aika vom Altstetter<br \/>\nFeld V2 Res. VDH-CAC\/J, Res. DTK-CAC\/J<\/p>\n<p style=\"text-align: center\">Ralle-Ida vom Teufelsfelsen<br \/>\nV2 Res. VDH-CAC, Res. DTK-CAC<\/p>\n<p style=\"text-align: center\">Hannah-Haedley vom Teufelsfelsen<br \/>\nV3<\/p>\n<p style=\"text-align: center\"><img loading=\"lazy\" decoding=\"async\" class=\"alignnone size-medium wp-image-1453\" src=\"https:\/\/www.teufelsfelsen.de\/de\/wp-content\/uploads\/sites\/2\/2013\/09\/Lennart2-235x300.jpg\" alt=\"Lennart2\" width=\"148\" height=\"189\" srcset=\"https:\/\/www.teufelsfelsen.de\/de\/wp-content\/uploads\/sites\/2\/2013\/09\/Lennart2-235x300.jpg 235w, https:\/\/www.teufelsfelsen.de\/de\/wp-content\/uploads\/sites\/2\/2013\/09\/Lennart2.jpg 342w\" sizes=\"auto, (max-width: 148px) 100vw, 148px\" \/><\/p>\n<p style=\"text-align: center\">Maximilian, Lennart und Anna haben im Juniorhandling sehr erfolgreich gef\u00fchrt&#8230;. Lennart wurde noch platziert und erhielt einen 4. Platz mit Carlotta dem Mops&#8230;.(danke an Katharina f\u00fcrs ausleihen)&#8230; Im Ehrenring der Veteranen erreichte Lennart noch einen 3. Platz mit Danny &#8230;..<\/p>\n<p style=\"text-align: center\"><a title=\"Juniorhandling\" href=\"https:\/\/www.teufelsfelsen.de\/de\/juniorhandling\/\">Weitere Ergebnisse vom Juniorhandling: hier<\/a><\/p>\n<p style=\"text-align: center\">Wir sind so stolz! Danke an alle Aussteller &#8230;..<\/p>\n<p style=\"text-align: center\">***<\/p>\n<p style=\"text-align: center\">03.11.2013 &#8211; Zuchtschau in Oberachern, Mittelbaden<\/p>\n<div>\n<div>\n<p style=\"text-align: center\">Zwergteckel:<\/p>\n<p style=\"text-align: center\">&#8222;Dago von der Buchenh\u00f6he&#8220; &#8211; vorz\u00fcglich \/ excellent, Eingemessen als Zwergteckel<\/p>\n<p style=\"text-align: center\">\u00a0&#8222;Aika vom Altstetter Feld&#8220; &#8211; vorz\u00fcglich \/ excellent<\/p>\n<p style=\"text-align: center\">Standardteckel:<\/p>\n<p style=\"text-align: center\">&#8222;Ariba vom Teufelsfelsen&#8220; &#8211; &#8222;VV &#8211; vielversprechend&#8220;\/ excellent, Bester J\u00fcngstenhund \/ Best Puppy<\/p>\n<p style=\"text-align: center\">Wir sind sehr stolz und gratulieren auch den Besitzern der Hunde zu dieser tollen Leistung&#8230;<\/p>\n<\/div>\n<\/div>\n<p style=\"text-align: center\">***<\/p>\n<p style=\"text-align: center\">04.08.2013 &#8211; Zuchtschau der Sektion mittlerer Schwarzwald<\/p>\n<p style=\"text-align: center\">Kaninchenteckel:<\/p>\n<p style=\"text-align: center\">&#8222;Barry-Yoda vom Teufelsfelsen&#8220; &#8211; sch\u00f6nstes Rauhhaar Baby \/ Best wire Baby<\/p>\n<p style=\"text-align: center\">Zwergteckel:<\/p>\n<p style=\"text-align: center\">&#8222;Xita vom Teufelsfelsen&#8220; (Walli) &#8211; Bester Rauhhaar J\u00fcngstenhund \/ Best wire Puppy<\/p>\n<p style=\"text-align: center\">&#8222;Vee vom Teufelsfelsen&#8220; (Paula) &#8211; vorz\u00fcglich + Wesenstest bestanden \/ excellent on her first show in youth class<\/p>\n<p style=\"text-align: center\">&#8222;Dago von der Buchenh\u00f6he&#8220; &#8211; vorz\u00fcglich \/ excellent<\/p>\n<p style=\"text-align: center\"><a href=\"https:\/\/www.teufelsfelsen.de\/de\/wp-content\/uploads\/sites\/2\/2013\/09\/Dago-stand.jpg\"><img loading=\"lazy\" decoding=\"async\" class=\"alignnone size-medium wp-image-316\" src=\"https:\/\/www.teufelsfelsen.de\/de\/wp-content\/uploads\/sites\/2\/2013\/09\/Dago-stand-300x171.jpg\" alt=\"Dago-stand\" width=\"300\" height=\"171\" srcset=\"https:\/\/www.teufelsfelsen.de\/de\/wp-content\/uploads\/sites\/2\/2013\/09\/Dago-stand-300x171.jpg 300w, https:\/\/www.teufelsfelsen.de\/de\/wp-content\/uploads\/sites\/2\/2013\/09\/Dago-stand.jpg 575w\" sizes=\"auto, (max-width: 300px) 100vw, 300px\" \/><\/a><\/p>\n<p style=\"text-align: center\">Standardteckel:<\/p>\n<p style=\"text-align: center\">&#8222;Ariba vom Teufelsfelsen&#8220; &#8211; Wesenstest bestanden<\/p>\n<p style=\"text-align: center\">Wir sind so stolz auf die kleinen R\u00e4uber und danken auch den Besitzern f\u00fcr das Ausstellen ihrer Hunde&#8230;<\/p>\n<p style=\"text-align: center\">***<\/p>\n<p style=\"text-align: center\">17.07.2013 &#8211; Auszeichnung f\u00fcr Greta<\/p>\n<p style=\"text-align: center\"><a href=\"https:\/\/www.teufelsfelsen.de\/de\/wp-content\/uploads\/sites\/2\/2013\/09\/greta2.jpg\"><img loading=\"lazy\" decoding=\"async\" class=\"alignnone size-medium wp-image-274\" src=\"https:\/\/www.teufelsfelsen.de\/de\/wp-content\/uploads\/sites\/2\/2013\/09\/greta2-213x300.jpg\" alt=\"greta2\" width=\"213\" height=\"300\" srcset=\"https:\/\/www.teufelsfelsen.de\/de\/wp-content\/uploads\/sites\/2\/2013\/09\/greta2-213x300.jpg 213w, https:\/\/www.teufelsfelsen.de\/de\/wp-content\/uploads\/sites\/2\/2013\/09\/greta2.jpg 285w\" sizes=\"auto, (max-width: 213px) 100vw, 213px\" \/><\/a><\/p>\n<p style=\"text-align: center\">Wir haben von der SKG ( Schweiz) den Titel f\u00fcr Greta best\u00e4tigt bekommen:<\/p>\n<p style=\"text-align: center\">&#8222;Greta&#8220; tr\u00e4gt nun auch noch den Titel: &#8222;Schweizer Sch\u00f6nheitschampion SKG 2013&#8220;<\/p>\n<p style=\"text-align: center\">Wir sind sehr stolz auf unsere Ausnahmeh\u00fcndin&#8230;.<\/p>\n<p style=\"text-align: center\">***<\/p>\n<p style=\"text-align: center\">07.07.2013 &#8211; Landessiegerschau in Herrenberg DWH<\/p>\n<p style=\"text-align: center\">Zwergteckel:<\/p>\n<p style=\"text-align: center\">&#8222;Hannah Haedley vom Teufelsfelsen&#8220; &#8211; V2 Res. VDH-CAC<\/p>\n<p style=\"text-align: center\">&#8222;Dago von der Buchenh\u00f6he&#8220; &#8211; V1 VDH-CAC\/J, DTK-CAC\/J, Landesjugendsieger DWH 2013<\/p>\n<p style=\"text-align: center\">&#8222;Sindy vom Rainerschl\u00f6ssl FCI&#8220; &#8211; 1. Platz, Bester Veteran, Landesveteranensieger DWH 2013<\/p>\n<p style=\"text-align: center\">Lennart hat einen starken 2. Platz in gro\u00dfer Konkurrenz im Juniorhandling gewonnen. Lennart hat auch die Hunde toll vorgef\u00fchrt&#8230; Mach weiter so&#8230;<\/p>\n<p style=\"text-align: center\">Wir sind besonders stolz auf die tollen Ergebnisse&#8230;<\/p>\n<p style=\"text-align: center\">***<\/p>\n<p style=\"text-align: center\">16.06.2013 CAC-Schau in Speyer:<\/p>\n<p style=\"text-align: center\">Zwergteckel:<\/p>\n<p style=\"text-align: center\">&#8222;Hannah-Haedley vom Teufelsfelsen&#8220; &#8211; V1 VDH-CAC, DTK-CAC<\/p>\n<p style=\"text-align: center\">&#8222;Ralle-Ida vom Teufelsfelsen&#8220; &#8211; V1<\/p>\n<p style=\"text-align: center\">Wir gratulieren Tanja mit &#8222;Hannah&#8220; und Fam. Uhrig mit &#8222;Ida&#8220; zu diesen Erfolgen.<\/p>\n<p style=\"text-align: center\">***<\/p>\n<p style=\"text-align: center\">09.06.2013 &#8211; CAC-Schau in M\u00f6hlin (CH)<\/p>\n<p style=\"text-align: center\">Zwergteckel:<\/p>\n<p style=\"text-align: center\">&#8222;Dago von der Buchenh\u00f6he&#8220; &#8211; V1 CAC\/J Jugendbester, Nord West Jugendsieger 2013<\/p>\n<p style=\"text-align: center\">&#8222;Sissi&#8220; &#8211; 1. Platz, Bester Veteran, BOB, Nord West Veteranensieger 2013<\/p>\n<p style=\"text-align: center\">Wir sind besonders stolz auf die tollen Ergebnisse..<\/p>\n<p style=\"text-align: center\">Dago hat nun die Bedingungen f\u00fcr den WUT-J Champion erf\u00fcllt.<\/p>\n<p style=\"text-align: center\">Macht weiter so&#8230;.<\/p>\n<p style=\"text-align: center\">***<\/p>\n<p style=\"text-align: center\">27.04.2013 CACIB Schau in Salzburg (A)<\/p>\n<p style=\"text-align: center\">Kaninchenteckel:<\/p>\n<p style=\"text-align: center\">&#8222;Greta vom Teufelsfelsen&#8220; &#8211; V1 CACA, CACIB<\/p>\n<p style=\"text-align: center\">Zwergteckel:<\/p>\n<p style=\"text-align: center\">&#8222;Dago von der Buchenh\u00f6he&#8220; V1 Jugendbester<\/p>\n<p style=\"text-align: center\">***<\/p>\n<p style=\"text-align: center\">14.04.2013 Landessiegerschau in Wendelstein DCN<\/p>\n<p style=\"text-align: center\">Kaninchenteckel:<\/p>\n<p style=\"text-align: center\">&#8222;Wotan vom Rainerschl\u00f6ssl FCI&#8220; &#8211; 1. Platz, Bester Veteran, Landesveteranensieger DCN 2013<\/p>\n<p style=\"text-align: center\"><a href=\"https:\/\/www.teufelsfelsen.de\/de\/wp-content\/uploads\/sites\/2\/2013\/09\/wotan_1.jpg\"><img loading=\"lazy\" decoding=\"async\" class=\"alignnone size-medium wp-image-167\" src=\"https:\/\/www.teufelsfelsen.de\/de\/wp-content\/uploads\/sites\/2\/2013\/09\/wotan_1-241x300.jpg\" alt=\"wotan_1\" width=\"241\" height=\"300\" srcset=\"https:\/\/www.teufelsfelsen.de\/de\/wp-content\/uploads\/sites\/2\/2013\/09\/wotan_1-241x300.jpg 241w, https:\/\/www.teufelsfelsen.de\/de\/wp-content\/uploads\/sites\/2\/2013\/09\/wotan_1.jpg 322w\" sizes=\"auto, (max-width: 241px) 100vw, 241px\" \/><\/a><\/p>\n<p style=\"text-align: center\">&#8222;Tsertus Pumpernikel&#8220; &#8211; V1 VDH-CAC, DTK-CAC, Landessieger DCN 2013<\/p>\n<p style=\"text-align: center\">&#8222;Greta vom Teufelsfelsen&#8220; &#8211; V1 VDH-CAC, DTK-CAC, Landessieger DCN 2013<\/p>\n<p style=\"text-align: center\">Zwergteckel:<\/p>\n<p style=\"text-align: center\">&#8222;Ralle-Ida vom Teufelsfelsen&#8220; &#8211; V1 VDH-CAC, DTK-CAC, Landessieger DCN 2013<\/p>\n<p style=\"text-align: center\">&#8222;Dago von der Buchenh\u00f6he&#8220; &#8211; V1 VDH-CAC\/J, DTK-CAC\/J, Landesjugendsieger DCN 2013<\/p>\n<p style=\"text-align: center\">Standardteckel:<\/p>\n<p style=\"text-align: center\">&#8222;Elliot vom Teufelsfelsen&#8220; &#8211; 1. Platz, Bester Veteran, Landesveteranensieger 2013<\/p>\n<p style=\"text-align: center\">Maximilian hat einen starken 1. Platz in gro\u00dfer Konkurrenz im Juniorhandling gewonnen. Lennart hat auch eine starke Leistung gebracht. Wir sind besonders stolz auf die tollen Ergebnisse.. Macht weiter so&#8230;.<\/p>\n<p style=\"text-align: center\">***<\/p>\n<p style=\"text-align: center\">10.03.2013 Spezialschau in Offenburg<\/p>\n<p style=\"text-align: center\">Kaninchenteckel:<\/p>\n<p style=\"text-align: center\">&#8222;Wotan vom Rainerschl\u00f6ssl FCI&#8220; &#8211; 1. Platz, Bester Veteran, Veteranensieger 2013<\/p>\n<p style=\"text-align: center\">Zwergteckel:<\/p>\n<p style=\"text-align: center\">&#8222;Hannah-Haedley vom Teufelsfelsen&#8220; &#8211; 1 VDH-CAC<\/p>\n<p style=\"text-align: center\">&#8222;Ralle-Ida vom Teufelsfelsen&#8220; &#8211; V1 VDH-CAC, Res. DTK-CAC<\/p>\n<p style=\"text-align: center\">&#8222;Dago von der Buchenh\u00f6he&#8220; &#8211; V2 res. VDH-J-CAC, res. DTK-J-CAC<\/p>\n<p style=\"text-align: center\">Standardteckel:<\/p>\n<p style=\"text-align: center\">&#8222;Elliot vom Teufelsfelsen&#8220; &#8211; 1. Platz, Bester Veteran, Veteranensieger 2013<\/p>\n<p style=\"text-align: center\">Maximilian hat einen starken 3. Platz in gro\u00dfer Konkurrenz im Juniorhandling gewonnen. Lennart hat auch eine starke Leistung gebracht.<\/p>\n<p style=\"text-align: center\">Wir sind besonders stolz auf die tollen Ergebnisse..<\/p>\n<p style=\"text-align: center\">***<\/p>\n<p style=\"text-align: center\">09.03.2013 CACIB in Offenburg<\/p>\n<p style=\"text-align: center\">Kaninchenteckel:<\/p>\n<p style=\"text-align: center\">&#8222;Wotan vom Rainerschl\u00f6ssl FCI&#8220; &#8211; 1. Platz, Bester Veteran, Ortenau Veteranensieger 2013<\/p>\n<p style=\"text-align: center\">&#8222;Narnja vom Teufelsfelsen&#8220; &#8211; V1 VDH-CAC<\/p>\n<p style=\"text-align: center\">Zwergteckel:<\/p>\n<p style=\"text-align: center\">&#8222;Hannah-Haedley vom Teufelsfelsen&#8220; V1 VDH-CAC<\/p>\n<p style=\"text-align: center\">&#8222;Ralle-Ida vom Teufelsfelsen&#8220; V1 VDH-CAC, DTK-CAC, CACIB, Ortenausieger 2013<\/p>\n<p style=\"text-align: center\">&#8222;Dago von der Buchenh\u00f6he&#8220; V1 VDH-J-CAC, DTK-J-CAC, Ortenau Jugendsieger 2013<\/p>\n<p style=\"text-align: center\">Wir sind besonders stolz auf die tollen Ergebnisse..<\/p>\n<p style=\"text-align: center\">Macht weiter so&#8230;.<\/p>\n<p style=\"text-align: center\">***<\/p>\n<p style=\"text-align: center\">16.02.2013 CACIB Schau Fribourg \/ Schweiz<\/p>\n<p style=\"text-align: center\">Kaninchenteckel:<\/p>\n<p style=\"text-align: center\">&#8222;Narnja vom Teufelsfelsen&#8220; V1 CAC, CACIB, BOS<\/p>\n<p style=\"text-align: center\">&#8222;Greta vom Teufelsfelsen&#8220; V1 CAC<\/p>\n<p style=\"text-align: center\">Wir sind sehr stolz auf die Ergebnisse&#8230;.<\/p>\n<p style=\"text-align: center\">Greta hat nun somit die Bedingungen f\u00fcr den Schweizer Sch\u00f6nheitschampion erf\u00fcllt&#8230;..<\/p>\n<p style=\"text-align: center\">***<\/p>\n<p style=\"text-align: center\">03.02.2013 Zuchtschau in Stuttgart<\/p>\n<p style=\"text-align: center\">Kaninchenteckel:<\/p>\n<p style=\"text-align: center\">&#8222;Narnja vom Teufelsfelsen&#8220; vorz\u00fcglich<\/p>\n<p style=\"text-align: center\">Zwergteckel:<\/p>\n<p style=\"text-align: center\">&#8222;Hannah-Haedley vom Teufelsfelsen&#8220; &#8211; vorz\u00fcglich<\/p>\n<p style=\"text-align: center\">&#8222;Dago von der Buchenh\u00f6he&#8220; versprechend \/ Wesenstest bestanden \/ PRA und Katarakt frei auf seiner ersten Zuchtschau!<\/p>\n<p style=\"text-align: center\">Wir sind besonders stolz auf die tollen Ergebnisse..<\/p>\n<p style=\"text-align: center\">Macht weiter so&#8230;.<\/p>\n<p style=\"text-align: center\">***<\/p>\n<p style=\"text-align: center\">26.01.2013 Festival der Rassehunde in Castrop-Rauxel<\/p>\n<p style=\"text-align: center\">Kaninchenteckel:<\/p>\n<p style=\"text-align: center\">&#8222;Narnja vom Teufelsfelsen&#8220; V1 VDH-CAC, DTK-CAC, BOB<\/p>\n<p style=\"text-align: center\">Maximilian startete mit Wotan im Juniorhandling und belegte den 3. Platz &#8230;<\/p>\n<p style=\"text-align: center\">Wir sind so stolz auf Maximilian und Narnja..<\/p>\n<p style=\"text-align: center\">***<\/p>\n<p style=\"text-align: center\">13.01.2013 Internationale Ausstellung in N\u00fcrnberg<\/p>\n<p style=\"text-align: center\">Kaninchenteckel:<\/p>\n<p style=\"text-align: center\">&#8222;Narnja vom Teufelsfelsen&#8220; V1 VDH-CAC, DTK-CAC, CACIB, BOS<\/p>\n<p style=\"text-align: center\">Wir sind so stolz auf unseren &#8222;Fleckentiger Narnja&#8220;&#8230;.<\/p>\n<p style=\"text-align: center\">\n","protected":false},"excerpt":{"rendered":"<p>Unsere Erfolge im Jahr 2013: 09. \/ 10. November 2013 &#8211; 69. IRAS und 2. NRAS in Karlsruhe Rauhhaarkaninchenteckel \/ rabbit wire: Justin vom Teufelsfelsen Platz 1, Veteranen CAC\/VDH + DTK, Bester Veteran\/BOB Veteran, Veteranensieger Karlsruhe 2013 Narnja vom Teufelsfelsen V1 VDH-CAC, DTK-CAC, BOS Sieger Karlsruhe 2013 Rauhhaarzwergteckel \/ mini &#8230;<\/p>\n","protected":false},"author":4,"featured_media":0,"parent":0,"menu_order":0,"comment_status":"closed","ping_status":"closed","template":"","meta":{"footnotes":""},"class_list":["post-61","page","type-page","status-publish","hentry"],"_links":{"self":[{"href":"https:\/\/www.teufelsfelsen.de\/de\/wp-json\/wp\/v2\/pages\/61","targetHints":{"allow":["GET"]}}],"collection":[{"href":"https:\/\/www.teufelsfelsen.de\/de\/wp-json\/wp\/v2\/pages"}],"about":[{"href":"https:\/\/www.teufelsfelsen.de\/de\/wp-json\/wp\/v2\/types\/page"}],"author":[{"embeddable":true,"href":"https:\/\/www.teufelsfelsen.de\/de\/wp-json\/wp\/v2\/users\/4"}],"replies":[{"embeddable":true,"href":"https:\/\/www.teufelsfelsen.de\/de\/wp-json\/wp\/v2\/comments?post=61"}],"version-history":[{"count":2,"href":"https:\/\/www.teufelsfelsen.de\/de\/wp-json\/wp\/v2\/pages\/61\/revisions"}],"predecessor-version":[{"id":2025,"href":"https:\/\/www.teufelsfelsen.de\/de\/wp-json\/wp\/v2\/pages\/61\/revisions\/2025"}],"wp:attachment":[{"href":"https:\/\/www.teufelsfelsen.de\/de\/wp-json\/wp\/v2\/media?parent=61"}],"curies":[{"name":"wp","href":"https:\/\/api.w.org\/{rel}","templated":true}]}}