{"id":81,"date":"2013-09-09T14:52:16","date_gmt":"2013-09-09T12:52:16","guid":{"rendered":"http:\/\/teufelsfelsen.de\/?page_id=81"},"modified":"2019-09-30T09:55:22","modified_gmt":"2019-09-30T07:55:22","slug":"erfolge","status":"publish","type":"page","link":"https:\/\/www.teufelsfelsen.de\/de\/teckel-von-der-buchenhohe\/erfolge\/","title":{"rendered":"Erfolge"},"content":{"rendered":"<div>\n<p><span style=\"text-decoration: underline\"><strong>Erfolge 2019<\/strong><\/span><\/p>\n<p style=\"text-align: center\"><strong><span style=\"text-decoration: underline\">Wir haben Post vom VDH:<\/span><\/strong><\/p>\n<p style=\"text-align: center\">Franziska von der Buchenh\u00f6he hat den Titel <strong>Deutschen Champion VDH 2018<\/strong> verliehen bekommen.<\/p>\n<p style=\"text-align: center\">\u00a0***<\/p>\n<header class=\"entry-header\">\n<p style=\"text-align: center\"><span style=\"text-decoration: underline\"><strong>Wir waren in Kirchhain in Hessen auf der LS-Ausstellung am 15.09.2019:<\/strong><\/span><\/p>\n<\/header>\n<div class=\"entry-content\">\n<p style=\"text-align: center\">Zwergteckel:<\/p>\n<p style=\"text-align: center\"><img loading=\"lazy\" decoding=\"async\" class=\"aligncenter size-medium wp-image-5913\" src=\"https:\/\/www.teufelsfelsen.de\/de\/wp-content\/uploads\/sites\/2\/2019\/09\/Jakob-288x300.jpg\" alt=\"\" width=\"288\" height=\"300\" srcset=\"https:\/\/www.teufelsfelsen.de\/de\/wp-content\/uploads\/sites\/2\/2019\/09\/Jakob-288x300.jpg 288w, https:\/\/www.teufelsfelsen.de\/de\/wp-content\/uploads\/sites\/2\/2019\/09\/Jakob.jpg 677w\" sizes=\"auto, (max-width: 288px) 100vw, 288px\" \/><\/p>\n<p style=\"text-align: center\">Jakob von der Buchenh\u00f6he<br \/>\nV2\u00a0 res. VDH-CAC\/J, res. DTK-CAC\/J<\/p>\n<p style=\"text-align: center\"><strong><span style=\"text-decoration: underline\">Auf der Zuchtschau in Hessen am 15.09.2019:<\/span><br \/>\n<img loading=\"lazy\" decoding=\"async\" class=\"aligncenter size-medium wp-image-5913\" src=\"https:\/\/www.teufelsfelsen.de\/de\/wp-content\/uploads\/sites\/2\/2019\/09\/Jakob-288x300.jpg\" alt=\"\" width=\"288\" height=\"300\" srcset=\"https:\/\/www.teufelsfelsen.de\/de\/wp-content\/uploads\/sites\/2\/2019\/09\/Jakob-288x300.jpg 288w, https:\/\/www.teufelsfelsen.de\/de\/wp-content\/uploads\/sites\/2\/2019\/09\/Jakob.jpg 677w\" sizes=\"auto, (max-width: 288px) 100vw, 288px\" \/><\/strong>Jakob von der Buchenh\u00f6he<br \/>\nvorz\u00fcglich und mit BU 35 cm eingemessen<\/p>\n<p style=\"text-align: center\">Wir gratulieren den stolzen Besitzern&#8230;.<\/p>\n<p style=\"text-align: center\">\u00a0***<\/p>\n<\/div>\n<p style=\"text-align: center\"><strong><span style=\"text-decoration: underline\">Wir waren in Herrenberg am 01.07.2019<\/span><\/strong><\/p>\n<p style=\"text-align: center\"><span style=\"text-decoration: underline\">Zwergteckel:<\/span><\/p>\n<p style=\"text-align: center\"><img loading=\"lazy\" decoding=\"async\" class=\"aligncenter size-medium wp-image-5596\" src=\"https:\/\/www.teufelsfelsen.de\/de\/wp-content\/uploads\/sites\/2\/2019\/07\/65553135_614820915706243_6621826825733537792_n-214x300.jpg\" alt=\"\" width=\"214\" height=\"300\" srcset=\"https:\/\/www.teufelsfelsen.de\/de\/wp-content\/uploads\/sites\/2\/2019\/07\/65553135_614820915706243_6621826825733537792_n-214x300.jpg 214w, https:\/\/www.teufelsfelsen.de\/de\/wp-content\/uploads\/sites\/2\/2019\/07\/65553135_614820915706243_6621826825733537792_n.jpg 731w, https:\/\/www.teufelsfelsen.de\/de\/wp-content\/uploads\/sites\/2\/2019\/07\/65553135_614820915706243_6621826825733537792_n-700x981.jpg 700w\" sizes=\"auto, (max-width: 214px) 100vw, 214px\" \/><\/p>\n<p style=\"text-align: center\">Erik von der Buchenh\u00f6he<br \/>\nV1 VDH-CAC, DTK-CAC, Landessieger DWH 2019<\/p>\n<p style=\"text-align: center\">Gratulation an Stefanie und Erik &#8230;<\/p>\n<p style=\"text-align: center\">\u00a0***<\/p>\n<p><span style=\"text-decoration: underline\"><strong>Erfolge 2018:<\/strong><\/span><\/p>\n<p style=\"text-align: center\"><strong><span style=\"text-decoration: underline\">Wir waren auf der \u00f6sterreichischen Klubsiegerausstellung in Hohenems \/ Vorarlberg<\/span><\/strong><\/p>\n<div class=\"text_exposed_show\">\n<p style=\"text-align: center\">Franziska von der Buchenh\u00f6he<br \/>\nV1 CACA Klubsieger 2018<br \/>\nEs war ein riesen Spa\u00df und ein gro\u00dfartiger Tag. Die Ausstellung war super organisiert.<\/p>\n<p style=\"text-align: center\">\u00a0***<\/p>\n<\/div>\n<p style=\"text-align: center\"><strong><span style=\"text-decoration: underline\">Rassehundeausstellung M\u00fcnchen wedelt und trabt 24.06.2018:<\/span><\/strong><\/p>\n<p style=\"text-align: center\">Franziska von der Buchenh\u00f6he<br \/>\nV1 VDH-CAC; DTK-CAC<br \/>\n(Franziska hat die Bed. VDH-Champion erf\u00fcllt)<\/p>\n<p style=\"text-align: center\">\u00a0***<\/p>\n<p style=\"text-align: center\"><strong><span style=\"text-decoration: underline\">IRAS Offenburg 10.03.2018:<\/span><\/strong><\/p>\n<p style=\"text-align: center\">Erik von der Buchenh\u00f6he<br \/>\nV1 VDH-CAC, res. DTK-CAC, res. CACIB<\/p>\n<p style=\"text-align: center\">\u00a0***<\/p>\n<p style=\"text-align: center\"><strong><span style=\"text-decoration: underline\">Spezialzuchtschau des DWH in Stuttgart 04.02.2018:<\/span><\/strong><\/p>\n<p style=\"text-align: center\">Erik von der Buchenh\u00f6he<br \/>\nV1 VDH-CAC, res. DTK-CAC<\/p>\n<p style=\"text-align: center\">\u00a0***<\/p>\n<p style=\"text-align: left\"><span style=\"text-decoration: underline\"><strong>Erfolge 2016:<\/strong><\/span><\/p>\n<p style=\"text-align: center\"><span style=\"text-decoration: underline\"><strong>Spezial und Landessiegeraustellung des BDK am 08.10.+09.10.2016<\/strong><\/span><\/p>\n<p style=\"text-align: center\">Franziska von der Buchenh\u00f6he<br \/>\nV1 VDH-CAC<\/p>\n<p style=\"text-align: center\">\u00a0***<\/p>\n<p style=\"text-align: center\"><span style=\"text-decoration: underline\"><strong>German Winner Show Leipzig 21.08.2016<\/strong><\/span><\/p>\n<p style=\"text-align: center\">Franziska von der Buchenh\u00f6he<br \/>\nV1 VDH-CAC<\/p>\n<p style=\"text-align: center\">\u00a0***<\/p>\n<p style=\"text-align: center\"><span style=\"text-decoration: underline\"><strong>Landessiegerausstellung des DCN in Roth 10.07.2016<\/strong><\/span><\/p>\n<p style=\"text-align: center\">Franziska von der Buchenh\u00f6he<br \/>\nV1 VDH-CAC<\/p>\n<p style=\"text-align: center\">***<\/p>\n<p style=\"text-align: center\"><strong><span style=\"text-decoration: underline\">Nationale Dogshow in Meisdorf 09.07.2016<\/span><\/strong><\/p>\n<p style=\"text-align: center\">Franziska von der Buchenh\u00f6he<br \/>\nV1 VDH-CAC, DTK-CAC Res.<\/p>\n<p style=\"text-align: center\">\u00a0***<\/p>\n<p style=\"text-align: center\"><strong><span style=\"text-decoration: underline\">BHP-Pr\u00fcfung Sektion Etzelwang 25.06.2016:<\/span><\/strong><\/p>\n<p style=\"text-align: center\">Franziska von der Buchenh\u00f6he<br \/>\nBHP 1 im 2. Preis und BHP 2 im 1. Preis<\/p>\n<p style=\"text-align: center\">\u00a0***<\/p>\n<p style=\"text-align: center\"><strong><span style=\"text-decoration: underline\">Landessiegerausstellung Hessen 19.06.2016:<\/span><\/strong><\/p>\n<p style=\"text-align: center\">Franziska von der Buchenh\u00f6he<br \/>\nV1 VDH-CAC, Res. DTK-CAC, Res. Landessieger Hessen 2016<\/p>\n<p style=\"text-align: center\">\u00a0***<\/p>\n<p style=\"text-align: center\"><strong><span style=\"text-decoration: underline\">Landessiegerausstellung Sachsen-Anhalt 05.06.2016:<\/span><\/strong><\/p>\n<p style=\"text-align: center\">Franziska von der Buchenh\u00f6he<br \/>\nV1 VDH-CAC<\/p>\n<\/div>\n<p style=\"text-align: center\">\u00a0***<\/p>\n<div>\n<p style=\"text-align: center\"><strong><span style=\"text-decoration: underline\">Spezialausstellung Sachsen in Leipzig 04.06.2016:<\/span><\/strong><\/p>\n<p style=\"text-align: center\">Franziska von der Buchenh\u00f6he<br \/>\nV1 VDH-CAC, Res. DTK-CAC<\/p>\n<p style=\"text-align: center\">\u00a0***<\/p>\n<p style=\"text-align: center\"><strong><span style=\"text-decoration: underline\">Zuchtschau in Offenbach am 01.05.2016:<\/span><\/strong><\/p>\n<p style=\"text-align: center\">Franziska von der Buchenh\u00f6he<br \/>\nvorz\u00fcglich \/ excellent<br \/>\nBU: 35cm<\/p>\n<p style=\"text-align: center\">\u00a0***<\/p>\n<p style=\"text-align: center\"><strong><span style=\"text-decoration: underline\">Internationale Ausstellung in N\u00fcrnberg:<\/span><\/strong><\/p>\n<p style=\"text-align: center\">Franziska von der Buchenh\u00f6he<br \/>\nV3<\/p>\n<p style=\"text-align: center\">***<\/p>\n<p><span style=\"text-decoration: underline\"><strong>Erfolge 2015:<\/strong><\/span><\/p>\n<p style=\"text-align: center\">Internationale und Nationale Ausstellung in Karlsruhe 14.11.-15.11.2015:<\/p>\n<p style=\"text-align: center\">Franziska von der Buchenh\u00f6he<br \/>\nV1 VDH-CAC\/J, DTK-CAC\/J, BOB\/J, Jugendsieger B.-W. 2015<\/p>\n<p style=\"text-align: center\">Helene vom Teufelsfelsen<br \/>\nSg2<br \/>\nV2 Res. VDH-CAC<\/p>\n<p style=\"text-align: center\">Erik von der Buchenh\u00f6he<br \/>\nV1 VDH-CAC<\/p>\n<p style=\"text-align: center\">***<\/p>\n<p style=\"text-align: center\">Zuchtschau in Offenbach 08.11.2015:<\/p>\n<p style=\"text-align: center\">Franziska von der Buchenh\u00f6he<br \/>\nVorz\u00fcglich, Zahn und Rutenstatus<br \/>\n<strong>Sch\u00f6nster Hund der Ausstellung;\u00a0 BIS<\/strong><\/p>\n<p style=\"text-align: center\">\u00a0***<\/p>\n<p style=\"text-align: center\">Spezialausstellung in Offenbach 08.11.2015:<\/p>\n<p style=\"text-align: center\">Franziska von der Buchenh\u00f6he<br \/>\nV1 VDH-CAC\/J, DTK-CAC\/J, Bester Jugendhund<\/p>\n<p style=\"text-align: center\">Helene vom Teufelsfelsen<br \/>\nV1 VDH-CAC + Res. DTK-CAC<\/p>\n<p style=\"text-align: center\">***<\/p>\n<p style=\"text-align: center\">Landessiegerausstellung LV Rheinland:<\/p>\n<p style=\"text-align: center\">Erik von der Buchenh\u00f6he<br \/>\nV1 VDH-CAC\/J, DTK-CAC\/J, Landesjugendsieger Rheinland 2015<\/p>\n<p style=\"text-align: center\">***<\/p>\n<p style=\"text-align: center\">Spezialausstellung in Bonn 09.08.2015:<\/p>\n<p style=\"text-align: center\">Erik von der Buchenh\u00f6he<br \/>\nV2 Res. VDH-CAC\/J, Res. DTK-CAC\/J<\/p>\n<p style=\"text-align: center\">***<\/p>\n<p style=\"text-align: center\">Zuchtschau in Freudenstadt 02.08.2015:<\/p>\n<p style=\"text-align: center\">Erik von der Buchenh\u00f6he<br \/>\nVorz\u00fcglich \/ excellent<br \/>\nBU: 34 cm<\/p>\n<p style=\"text-align: center\">***<\/p>\n<p style=\"text-align: center\">Spezial und Landessiegerausstellung im LV Berlin-Brandenburg in B\u00f6tzow 11.07.+12.07.2015:<\/p>\n<p style=\"text-align: center\">Erik von der Buchenh\u00f6he<br \/>\nV2 Res. VDH-CAC\/J, Res. DTK-CAC\/J +<br \/>\nV2 Res. VDH-CAC\/J, Res. DTK-CAC\/J + Res. Landesjugendsieger Berlin-Brandenburg 2015<\/p>\n<p style=\"text-align: center\"><a href=\"https:\/\/www.teufelsfelsen.de\/de\/wp-content\/uploads\/sites\/2\/2015\/01\/Erik.jpg\"><img loading=\"lazy\" decoding=\"async\" class=\"alignnone size-medium wp-image-2820\" src=\"https:\/\/www.teufelsfelsen.de\/de\/wp-content\/uploads\/sites\/2\/2015\/01\/Erik-249x300.jpg\" alt=\"Erik\" width=\"249\" height=\"300\" srcset=\"https:\/\/www.teufelsfelsen.de\/de\/wp-content\/uploads\/sites\/2\/2015\/01\/Erik-249x300.jpg 249w, https:\/\/www.teufelsfelsen.de\/de\/wp-content\/uploads\/sites\/2\/2015\/01\/Erik-700x844.jpg 700w, https:\/\/www.teufelsfelsen.de\/de\/wp-content\/uploads\/sites\/2\/2015\/01\/Erik.jpg 796w\" sizes=\"auto, (max-width: 249px) 100vw, 249px\" \/><\/a><\/p>\n<p style=\"text-align: center\">***<\/p>\n<p style=\"text-align: center\">Zuchtschau in Rauenberg 28.06.2015:<\/p>\n<p style=\"text-align: center\">Erik von der Buchenh\u00f6he<br \/>\nVorz\u00fcglich \/ excellent<br \/>\nVerhaltenstest bestanden<\/p>\n<p style=\"text-align: center\">***<\/p>\n<p style=\"text-align: center\">Landessiegerausstellung in Westfahlen 07.06.2015:<\/p>\n<p style=\"text-align: center\">Erik von der Buchenh\u00f6he<br \/>\nV2\u00a0res. VDH-CAC\/J, res. DTK-CAC\/J + res. Landesjugendsieger Westfahlen\u00a02015<\/p>\n<p style=\"text-align: center\">***<\/p>\n<p style=\"text-align: center\">Spezial und Landessiegerausstellung in Suhl 25.04.+26.04.2015:<\/p>\n<p style=\"text-align: center\">Erik von der Buchenh\u00f6he<br \/>\nV1 VDH-CAC\/J, DTK-CAC\/J +<br \/>\nV1 VDH-CAC\/J, DTK-CAC\/J + <strong>Landesjugendsieger Th\u00fcringen 2015<\/strong><\/p>\n<p style=\"text-align: center\">***<\/p>\n<p style=\"text-align: center\">IRAS Offenburg und LS-Schau\u00a014.03.+15.03.2015:<\/p>\n<p style=\"text-align: center\">Erik von der Buchenh\u00f6he<br \/>\nV1 VDH-CAC\/J, DTK-CAC\/J + <strong>Landesjugendsieger Baden 2015<\/strong><\/p>\n<p style=\"text-align: center\"><a href=\"https:\/\/www.teufelsfelsen.de\/de\/wp-content\/uploads\/sites\/2\/2015\/01\/FullSizeRender-1.jpg\"><img loading=\"lazy\" decoding=\"async\" class=\"alignnone size-medium wp-image-2630\" src=\"https:\/\/www.teufelsfelsen.de\/de\/wp-content\/uploads\/sites\/2\/2015\/01\/FullSizeRender-1-146x300.jpg\" alt=\"FullSizeRender (1)\" width=\"146\" height=\"300\" srcset=\"https:\/\/www.teufelsfelsen.de\/de\/wp-content\/uploads\/sites\/2\/2015\/01\/FullSizeRender-1-146x300.jpg 146w, https:\/\/www.teufelsfelsen.de\/de\/wp-content\/uploads\/sites\/2\/2015\/01\/FullSizeRender-1-497x1024.jpg 497w, https:\/\/www.teufelsfelsen.de\/de\/wp-content\/uploads\/sites\/2\/2015\/01\/FullSizeRender-1-700x1443.jpg 700w, https:\/\/www.teufelsfelsen.de\/de\/wp-content\/uploads\/sites\/2\/2015\/01\/FullSizeRender-1.jpg 815w\" sizes=\"auto, (max-width: 146px) 100vw, 146px\" \/><\/a><\/p>\n<p style=\"text-align: center\">***<\/p>\n<p style=\"text-align: center\">Spezialzuchtschau des DWH in Stuttgart 08.02.2015:<\/p>\n<p style=\"text-align: center\">Erik von der Buchenh\u00f6he<br \/>\nV2 res. VDH-CAC\/J, res. DTK-CAC\/J<\/p>\n<p style=\"text-align: center\"><a href=\"https:\/\/www.teufelsfelsen.de\/de\/wp-content\/uploads\/sites\/2\/2015\/01\/Larissa.jpg\"><img loading=\"lazy\" decoding=\"async\" class=\"alignnone size-medium wp-image-2527\" src=\"https:\/\/www.teufelsfelsen.de\/de\/wp-content\/uploads\/sites\/2\/2015\/01\/Larissa-222x300.jpg\" alt=\"Larissa\" width=\"222\" height=\"300\" srcset=\"https:\/\/www.teufelsfelsen.de\/de\/wp-content\/uploads\/sites\/2\/2015\/01\/Larissa-222x300.jpg 222w, https:\/\/www.teufelsfelsen.de\/de\/wp-content\/uploads\/sites\/2\/2015\/01\/Larissa.jpg 322w\" sizes=\"auto, (max-width: 222px) 100vw, 222px\" \/><\/a><\/p>\n<p style=\"text-align: center\">***<\/p>\n<p style=\"text-align: center\">CACIB in Colmar (Frankreich):<\/p>\n<p style=\"text-align: center\">Dago von der Buchenh\u00f6he<br \/>\nV4<\/p>\n<p style=\"text-align: center\">***<\/p>\n<p style=\"text-align: center\">Internationalen Schau und Landessiegerschau in Offenburg:<\/p>\n<p style=\"text-align: center\">Dago von der Buchenh\u00f6he<br \/>\nSG2 + V2 Res. VDH-CAC<\/p>\n<p style=\"text-align: center\">***<\/p>\n<p><span style=\"text-decoration: underline\"><strong>Erfolge 2014:<\/strong><\/span><\/p>\n<\/div>\n<p style=\"text-align: center\">CACIB N\u00fcrnberg 12.01.2014:<\/p>\n<p style=\"text-align: center\">Dago von der Buchenh\u00f6he<br \/>\nV2 R.VDH-CAC<\/p>\n<p style=\"text-align: center\">***<\/p>\n<p style=\"text-align: center\">November 2013:<\/p>\n<p style=\"text-align: center\">Wir sind stolz verk\u00fcnden zu d\u00fcrfen, dass die Zucht<strong> &#8222;von der Buchenh\u00f6he&#8220;<\/strong><br \/>\ndie Bronzene Zuchtauszeichung erhalten hat.<\/p>\n<p style=\"text-align: center\">***<\/p>\n<p style=\"text-align: center\">November 2013:<br \/>\n&#8222;Dago von der Buchenh\u00f6he&#8220; hat in Karlsruhe auf der 2. NRAS den Titel &#8222;Jugend Sieger&#8220; erhalten.<br \/>\nV1 VDH-CAC\/J, DTK-CAC\/J<br \/>\nZudem wurde er BOB-Jugend.<\/p>\n<p style=\"text-align: center\">Er hat nun auch die Bedingungen f\u00fcr den<br \/>\n<strong>Deutschen Jugendchampion VDH und DTK<\/strong> erlangt.<\/p>\n<p style=\"text-align: center\">Wir sind m\u00e4chtig stolz!<\/p>\n<p style=\"text-align: center\">***<\/p>\n<p style=\"text-align: center\">November 2013:<br \/>\n&#8222;Dago von der Buchenh\u00f6he&#8220; hat in Oberachern auf der Zuchtschau den h\u00f6chsten Formwert vorz\u00fcglich erhalten. Zudem wurder er nun als Zwergteckel eingemessen.<\/p>\n<p style=\"text-align: center\">Herzlichen Gl\u00fcckwunsch Corinna und Dago&#8230;<\/p>\n<p style=\"text-align: center\">***<\/p>\n<p style=\"text-align: center\">August 2013:<br \/>\n&#8222;Dago von der Buchenh\u00f6he&#8220; hat in Freudenstadt auf der Zuchtschau den h\u00f6chsten Formwert vorz\u00fcglich erhalten. Herzlichen Gl\u00fcckwunsch Corinna und Dago&#8230;<\/p>\n<p style=\"text-align: center\"><a href=\"https:\/\/www.teufelsfelsen.de\/de\/wp-content\/uploads\/sites\/2\/2013\/09\/483648_348856961901463_1776226111_n.jpg\"><img loading=\"lazy\" decoding=\"async\" class=\"alignnone size-full wp-image-772\" src=\"https:\/\/www.teufelsfelsen.de\/de\/wp-content\/uploads\/sites\/2\/2013\/09\/483648_348856961901463_1776226111_n.jpg\" alt=\"483648_348856961901463_1776226111_n\" width=\"274\" height=\"206\" srcset=\"https:\/\/www.teufelsfelsen.de\/de\/wp-content\/uploads\/sites\/2\/2013\/09\/483648_348856961901463_1776226111_n.jpg 274w, https:\/\/www.teufelsfelsen.de\/de\/wp-content\/uploads\/sites\/2\/2013\/09\/483648_348856961901463_1776226111_n-268x200.jpg 268w\" sizes=\"auto, (max-width: 274px) 100vw, 274px\" \/><\/a><\/p>\n<p style=\"text-align: center\">***<\/p>\n<p style=\"text-align: center\">Juli 2013:<br \/>\n&#8222;Dago von der Buchenh\u00f6he&#8220; hat den Titel &#8222;Landesjugendsieger DWH 2013&#8220; erreicht&#8230;<br \/>\nHerzlichen Gl\u00fcckwunsch Corinna und Dago&#8230;.<\/p>\n<p style=\"text-align: center\">***<\/p>\n<p style=\"text-align: center\">Juni 2013:<br \/>\n&#8222;Dago von der Buchenh\u00f6he&#8220; hat in der Schweiz V1 CAC\/J und Jugendbester gemacht &#8230;<br \/>\n<strong>Er hat nun die Bedingungen f\u00fcr den WUT\/J-Champion erf\u00fcllt&#8230;.<\/strong><br \/>\nHerzlichen Gl\u00fcckwunsch Corinna und Dago&#8230;<\/p>\n<p style=\"text-align: center\">***<\/p>\n<p style=\"text-align: center\">03.06.2013:<br \/>\n&#8222;Dago von der Buchenh\u00f6he&#8220; hat in Salzburg V1 und Jugendbester gemacht &#8230;<br \/>\nHerzlichen Gl\u00fcckwunsch Corinna und Dago&#8230;<\/p>\n<p style=\"text-align: center\">***<\/p>\n<p style=\"text-align: center\">&#8222;Dago von der Buchenh\u00f6he&#8220; hat den Titel &#8222;Landesjugendsieger DCN 2013&#8220; erreicht&#8230;<br \/>\nHerzlichen Gl\u00fcckwunsch Corinna und Dago&#8230;.<\/p>\n<p style=\"text-align: center\">***<\/p>\n<p style=\"text-align: center\">&#8222;Dago von der Buchenh\u00f6he&#8220; wurde in Offenburg auf der CACIB und Spezialaustellung ausgestellt:<br \/>\nV1 CAC\/J VDH+DTK + Ortenaujugendsieger 2013 und auf der Spezial V2 Res. VDH+DTK-CAC\/J erreicht&#8230;<\/p>\n<p style=\"text-align: center\">***<\/p>\n<p style=\"text-align: center\">&#8222;Dago von der Buchenh\u00f6he&#8220; wurde auf seiner ersten Zuchtschau in Stuttgart mit versprechend ausgezeichnet worden. Wesenstest bestanden \/ PRA und Katarakt frei.<\/p>\n<p style=\"text-align: center\">***<\/p>\n<p style=\"text-align: center\">&#8222;Duplo von der Buchenh\u00f6he&#8220; hat nun mehr nicht nur tolle Erfolge auf Ausstellungen erreicht&#8230;.<br \/>\nmehrfach vorz\u00fcglich&#8230; Sie hat als 2. bester Hund von 11 die BHP-G Pr\u00fcfung im 1. Preis mit 180 Punkten geschafft. Herzlichen Gl\u00fcckwunsch an Ina und Duplo&#8230;.<\/p>\n<p style=\"text-align: center\">***<\/p>\n<p style=\"text-align: center\">29.04.2012<br \/>\nLandessiegerzuchtschau in Th\u00fcringen:<\/p>\n<p align=\"center\"><span style=\"text-decoration: underline\">Zwergteckel:<\/span>&#8222;Caramell von der Buchenh\u00f6he&#8220;<\/p>\n<p align=\"center\"><a href=\"https:\/\/www.teufelsfelsen.de\/de\/wp-content\/uploads\/sites\/2\/2013\/09\/caramel_1.jpg\"><img loading=\"lazy\" decoding=\"async\" class=\"alignnone size-medium wp-image-742\" src=\"https:\/\/www.teufelsfelsen.de\/de\/wp-content\/uploads\/sites\/2\/2013\/09\/caramel_1-300x198.jpg\" alt=\"caramel_1\" width=\"300\" height=\"198\" srcset=\"https:\/\/www.teufelsfelsen.de\/de\/wp-content\/uploads\/sites\/2\/2013\/09\/caramel_1-300x198.jpg 300w, https:\/\/www.teufelsfelsen.de\/de\/wp-content\/uploads\/sites\/2\/2013\/09\/caramel_1.jpg 400w\" sizes=\"auto, (max-width: 300px) 100vw, 300px\" \/><\/a><\/p>\n<p align=\"center\">V1 VDH-CAC\/J, DTK-CAC\/J, Landesjugendsieger Th\u00fcringen 2012<\/p>\n<p align=\"center\">Wir sind sehr stolz auf die Ergebnisse&#8230;<br \/>\nWeiter so viel Erfolg Sonja und Caramell&#8230;<\/p>\n<p align=\"center\">***<\/p>\n<p style=\"text-align: center\">10.09.2011<br \/>\nBegleithundepr\u00fcfung der Gruppe Speyer:<\/p>\n<p style=\"text-align: center\">&#8222;Bona-Lotta von der Buchenh\u00f6he&#8220; erreichte BHP-G 1. Preis mit 200 Punkten<\/p>\n<p style=\"text-align: center\">***<\/p>\n<p style=\"text-align: center\">14.08.2011:<br \/>\n&#8222;Blthasar&#8220; war auf der Spezial-Zuchtschau in Kirchheimbolanden und<br \/>\nerreichte ein V1 DTK-CAC\/J, VDH-CAC\/J, BOB<\/p>\n<p style=\"text-align: center\">***<\/p>\n<p style=\"text-align: center\">28.05.2011:<br \/>\n&#8222;Bona-Lotta&#8220; war auf der Spezial-Zuchtschau in Hessen und<br \/>\nerreichte ein V2 RDTK-CAC\/J, RVDH-CAC\/J<\/p>\n<p style=\"text-align: center\">Gratulation an die Sonja und &#8222;Lotta&#8220;.<\/p>\n<p style=\"text-align: center\">***<\/p>\n<p style=\"text-align: center\">22.05.2011:<br \/>\n&#8222;Bona-Lotta&#8220; und &#8222;Balthasar&#8220; waren auf der Zuchtschau in Speyer.<br \/>\n&#8222;Bona-Lotta&#8220; erreichte ein vorz\u00fcglich und &#8222;Balthasar&#8220; erreichte ein sehr gut und bestand den Wesenstest. Gratulation an die stolzen Besitzer und weiterhin viel Erfolg&#8230;.<\/p>\n<p style=\"text-align: center\">***<\/p>\n<p style=\"text-align: center\">27.03.2011<br \/>\n&#8222;Bona Lotta von der Buchenh\u00f6he hat die Schu\u00dffestigkeitspr\u00fcfung bestanden. Nun kann es weitergehen mit Spurlaut&#8230; Gratulation Sonja macht weiter so.<\/p>\n<p style=\"text-align: center\">Auf der Zuchtschau des DWH in Stuttgart hat:<\/p>\n<p style=\"text-align: center\">***<\/p>\n<p style=\"text-align: center\">&#8222;Bona-Lotta von der Buchenh\u00f6he&#8220;<br \/>\nvv, Wesenstest bestanden<\/p>\n<p style=\"text-align: center\">Gratulation Sonja! Nun kann es losgehen mit dem Ausstellen. &#8222;Lotta&#8220; hat den h\u00f6chsten Formwert in der J\u00fcngstenklasse erreicht, sowie den Wesenstest, der als Grundstein f\u00fcr die Zucht zu sehen ist, mit Bravour bestanden.<\/p>\n","protected":false},"excerpt":{"rendered":"<p>Erfolge 2019 Wir haben Post vom VDH: Franziska von der Buchenh\u00f6he hat den Titel Deutschen Champion VDH 2018 verliehen bekommen. \u00a0*** Wir waren in Kirchhain in Hessen auf der LS-Ausstellung am 15.09.2019: Zwergteckel: Jakob von der Buchenh\u00f6he V2\u00a0 res. VDH-CAC\/J, res. DTK-CAC\/J Auf der Zuchtschau in Hessen am 15.09.2019: Jakob &#8230;<\/p>\n","protected":false},"author":4,"featured_media":0,"parent":74,"menu_order":0,"comment_status":"closed","ping_status":"closed","template":"","meta":{"footnotes":""},"class_list":["post-81","page","type-page","status-publish","hentry"],"_links":{"self":[{"href":"https:\/\/www.teufelsfelsen.de\/de\/wp-json\/wp\/v2\/pages\/81","targetHints":{"allow":["GET"]}}],"collection":[{"href":"https:\/\/www.teufelsfelsen.de\/de\/wp-json\/wp\/v2\/pages"}],"about":[{"href":"https:\/\/www.teufelsfelsen.de\/de\/wp-json\/wp\/v2\/types\/page"}],"author":[{"embeddable":true,"href":"https:\/\/www.teufelsfelsen.de\/de\/wp-json\/wp\/v2\/users\/4"}],"replies":[{"embeddable":true,"href":"https:\/\/www.teufelsfelsen.de\/de\/wp-json\/wp\/v2\/comments?post=81"}],"version-history":[{"count":26,"href":"https:\/\/www.teufelsfelsen.de\/de\/wp-json\/wp\/v2\/pages\/81\/revisions"}],"predecessor-version":[{"id":5928,"href":"https:\/\/www.teufelsfelsen.de\/de\/wp-json\/wp\/v2\/pages\/81\/revisions\/5928"}],"up":[{"embeddable":true,"href":"https:\/\/www.teufelsfelsen.de\/de\/wp-json\/wp\/v2\/pages\/74"}],"wp:attachment":[{"href":"https:\/\/www.teufelsfelsen.de\/de\/wp-json\/wp\/v2\/media?parent=81"}],"curies":[{"name":"wp","href":"https:\/\/api.w.org\/{rel}","templated":true}]}}