{"id":81,"date":"2013-09-09T14:52:16","date_gmt":"2013-09-09T12:52:16","guid":{"rendered":"http:\/\/teufelsfelsen.de\/?page_id=81"},"modified":"2018-04-19T09:43:13","modified_gmt":"2018-04-19T07:43:13","slug":"results","status":"publish","type":"page","link":"https:\/\/www.teufelsfelsen.de\/en\/teckel-von-der-buchenhohe\/results\/","title":{"rendered":"Results"},"content":{"rendered":"<div style=\"text-align: center\">\n<header class=\"entry-header\">\n<h1 class=\"entry-title\">Erfolge<\/h1>\n<\/header>\n<div class=\"entry-content\">\n<div>\n<p><strong>Erfolge 2018:<\/strong><\/p>\n<p>IRAS Offenburg 10.03.2018:<\/p>\n<p>Erik von der Buchenh\u00f6he<br \/>\nV1 VDH-CAC, res. DTK-CAC, res. CACIB<\/p>\n<p>***<\/p>\n<p>Spezialzuchtschau des DWH in Stuttgart 04.02.2018:<\/p>\n<p>Erik von der Buchenh\u00f6he<br \/>\nV1 VDH-CAC, res. DTK-CAC<\/p>\n<p>***<\/p>\n<p><strong>Erfolge 2016:<\/strong><\/p>\n<p>Spezial und Landessiegeraustellung des BDK am 08.10.+09.10.2016<\/p>\n<p>Franziska von der Buchenh\u00f6he<br \/>\nV1 VDH-CAC<\/p>\n<p>***<\/p>\n<p>German Winner Show Leipzig 21.08.2016<\/p>\n<p>Franziska von der Buchenh\u00f6he<br \/>\nV1 VDH-CAC<\/p>\n<p>***<\/p>\n<p>Landessiegerausstellung des DCN in Roth 10.07.2016<\/p>\n<p>Franziska von der Buchenh\u00f6he<br \/>\nV1 VDH-CAC<\/p>\n<p>***<\/p>\n<p>Nationale Dogshow in Meisdorf 09.07.2016<\/p>\n<p>Franziska von der Buchenh\u00f6he<br \/>\nV1 VDH-CAC, DTK-CAC Res.<\/p>\n<p>***<\/p>\n<p>BHP-Pr\u00fcfung Sektion Etzelwang 25.06.2016:<\/p>\n<p>Franziska von der Buchenh\u00f6he<br \/>\nBHP 1 im 2. Preis und BHP 2 im 1. Preis<\/p>\n<p>***<\/p>\n<p>Landessiegerausstellung Hessen 19.06.2016:<\/p>\n<p>Franziska von der Buchenh\u00f6he<br \/>\nV1 VDH-CAC, Res. DTK-CAC, Res. Landessieger Hessen 2016<\/p>\n<p>***<\/p>\n<p>Landessiegerausstellung Sachsen-Anhalt 05.06.2016:<\/p>\n<p>Franziska von der Buchenh\u00f6he<br \/>\nV1 VDH-CAC<\/p>\n<\/div>\n<p>***<\/p>\n<div>\n<p>Spezialausstellung Sachsen in Leipzig 04.06.2016:<\/p>\n<p>Franziska von der Buchenh\u00f6he<br \/>\nV1 VDH-CAC, Res. DTK-CAC<\/p>\n<p>***<\/p>\n<p>Zuchtschau in Offenbach am 01.05.2016:<\/p>\n<p>Franziska von der Buchenh\u00f6he<br \/>\nvorz\u00fcglich \/ excellent<br \/>\nBU: 35cm<\/p>\n<p>***<\/p>\n<p>Internationale Ausstellung in N\u00fcrnberg:<\/p>\n<p>Franziska von der Buchenh\u00f6he<br \/>\nV3<\/p>\n<p>***<\/p>\n<\/div>\n<\/div>\n<p style=\"text-align: center\">CACIB in Colmar (France):<\/p>\n<p style=\"text-align: center\">Dago von der Buchenh\u00f6he<br \/>\nV4<\/p>\n<p style=\"text-align: center\">***<\/p>\n<p style=\"text-align: center\">International Show and Landessieger- Show in Offenburg:<\/p>\n<p style=\"text-align: center\">Dago von der Buchenh\u00f6he<br \/>\nSG2 + V2 Res. VDH-CAC<\/p>\n<p style=\"text-align: center\">***<\/p>\n<\/div>\n<p style=\"text-align: center\">CACIB N\u00fcrnberg 12.01.2014:<\/p>\n<p style=\"text-align: center\">Dago von der Buchenh\u00f6he<br \/>\nV2 R.VDH-CAC<\/p>\n<p style=\"text-align: center\">***<\/p>\n<p style=\"text-align: center\">November 2013:<\/p>\n<p style=\"text-align: center\">We are proud to declare that we received the &#8220;<b>bronze<\/b> award&#8221; from the DTK.<\/p>\n<p style=\"text-align: center\">***<\/p>\n<p style=\"text-align: center\">November 2013:<\/p>\n<p style=\"text-align: center\">2. NRAS in Karlsruhe<br \/>\n&#8220;Dago von der Buchenh\u00f6he&#8221;<br \/>\n&#8220;Jugend Sieger&#8221;<br \/>\nV1 VDH-CAC\/J, DTK-CAC\/J<br \/>\nand BoB-Jugend.<\/p>\n<p style=\"text-align: center\">Now he is:<br \/>\n<strong>German Youthchampion VDH and DTK<\/strong>.<\/p>\n<p style=\"text-align: center\">We are so proud!<\/p>\n<p style=\"text-align: center\">***<\/p>\n<p style=\"text-align: center\">November 2013:<br \/>\nOberachern<br \/>\n&#8220;Dago von der Buchenh\u00f6he&#8221; &#8211; excellent<\/p>\n<p style=\"text-align: center\">He was confirmed as mini wire.<\/p>\n<p style=\"text-align: center\">***<\/p>\n<p style=\"text-align: center\">August 2013:<br \/>\nBreeding Show Freudenstadt<br \/>\n&#8220;Dago von der Buchenh\u00f6he&#8221; &#8211; excellent<\/p>\n<p style=\"text-align: center\"><a href=\"https:\/\/www.teufelsfelsen.de\/en\/wp-content\/uploads\/sites\/3\/2013\/09\/483648_348856961901463_1776226111_n.jpg\"><img loading=\"lazy\" decoding=\"async\" class=\"alignnone size-full wp-image-772\" src=\"https:\/\/www.teufelsfelsen.de\/en\/wp-content\/uploads\/sites\/3\/2013\/09\/483648_348856961901463_1776226111_n.jpg\" alt=\"483648_348856961901463_1776226111_n\" width=\"274\" height=\"206\" \/><\/a><\/p>\n<p style=\"text-align: center\">***<\/p>\n<p style=\"text-align: center\">Juli 2013:<br \/>\n&#8220;Dago von der Buchenh\u00f6he&#8221;<br \/>\n&#8220;Landesjugendsieger DWH 2013&#8221;<\/p>\n<p style=\"text-align: center\">***<\/p>\n<p style=\"text-align: center\">Juni 2013:<br \/>\n&#8220;Dago von der Buchenh\u00f6he&#8221;<\/p>\n<p style=\"text-align: center\">\u00a0V1 CAC\/J und\u00a0&#8220;Jugend Sieger&#8221; in Switzerland<\/p>\n<p style=\"text-align: center\">Now he ist WUT\/J-Champion &#8230;.<\/p>\n<p style=\"text-align: center\">***<\/p>\n<p style=\"text-align: center\">03.06.2013:<\/p>\n<p style=\"text-align: center\">CACIB Salzburg \/ AT<br \/>\n&#8220;Dago von der Buchenh\u00f6he&#8221;<br \/>\nV1 and &#8220;Jugend Sieger&#8221;<\/p>\n<p style=\"text-align: center\">***<\/p>\n<p style=\"text-align: center\">Wendelstein DCN &#8211; Landessieger Show<\/p>\n<p style=\"text-align: center\">&#8220;Dago von der Buchenh\u00f6he&#8221;<br \/>\nLandesjugendsieger DCN 2013<\/p>\n<p style=\"text-align: center\">***<\/p>\n<p style=\"text-align: center\">Offenburg CACIB and Specialshow<\/p>\n<p style=\"text-align: center\">&#8220;Dago von der Buchenh\u00f6he&#8221;<\/p>\n<p style=\"text-align: center\">V1 CAC\/J VDH+DTK + Ortenaujugendsieger 2013<br \/>\nV2 Res. VDH+DTK-CAC\/J<\/p>\n<p style=\"text-align: center\">***<\/p>\n<p style=\"text-align: center\">Show in Stuttgart<br \/>\n&#8220;Dago von der Buchenh\u00f6he&#8221;- vv<\/p>\n<p style=\"text-align: center\">passed character test \/ PRA \/ Katarakt free.<\/p>\n<p style=\"text-align: center\">***<\/p>\n<p style=\"text-align: center\">&#8220;Duplo von der Buchenh\u00f6he&#8221;<\/p>\n<p style=\"text-align: center\">multi excellent<br \/>\nmBHP-G &#8211; 180 Points &#8211; 1. Place<\/p>\n<p style=\"text-align: center\">***<\/p>\n<p style=\"text-align: center\">29.04.2012<br \/>\nLandessieger Show in Th\u00fcringen:<\/p>\n<p style=\"text-align: center\" align=\"center\"><span style=\"text-decoration: underline\">Mini Wire:<\/span><\/p>\n<p style=\"text-align: center\" align=\"center\">&#8220;Caramell von der Buchenh\u00f6he&#8221;<\/p>\n<p style=\"text-align: center\" align=\"center\"><a href=\"https:\/\/www.teufelsfelsen.de\/en\/wp-content\/uploads\/sites\/3\/2013\/09\/caramel_1.jpg\"><img loading=\"lazy\" decoding=\"async\" class=\"alignnone size-medium wp-image-742\" src=\"https:\/\/www.teufelsfelsen.de\/en\/wp-content\/uploads\/sites\/3\/2013\/09\/caramel_1-300x198.jpg\" alt=\"caramel_1\" width=\"300\" height=\"198\" srcset=\"https:\/\/www.teufelsfelsen.de\/en\/wp-content\/uploads\/sites\/3\/2013\/09\/caramel_1-300x198.jpg 300w, https:\/\/www.teufelsfelsen.de\/en\/wp-content\/uploads\/sites\/3\/2013\/09\/caramel_1.jpg 400w\" sizes=\"auto, (max-width: 300px) 100vw, 300px\" \/><\/a><\/p>\n<p style=\"text-align: center\" align=\"center\">V1 VDH-CAC\/J, DTK-CAC\/J, Landesjugendsieger Th\u00fcringen 2012<\/p>\n<p style=\"text-align: center\" align=\"center\">***<\/p>\n<p style=\"text-align: center\">10.09.2011<br \/>\nPHP in Speyer:<\/p>\n<p style=\"text-align: center\">&#8220;Bona-Lotta von der Buchenh\u00f6he&#8221;<br \/>\nBHP-G 200 Points &#8211; 1. Place<\/p>\n<p style=\"text-align: center\">***<\/p>\n<p style=\"text-align: center\">14.08.2011:<br \/>\n&#8220;Special-Breeding Show in Kirchheimbolanden&#8221;<br \/>\nBalthasar<br \/>\nV1 DTK-CAC\/J, VDH-CAC\/J, BOB<\/p>\n<p style=\"text-align: center\">***<\/p>\n<p style=\"text-align: center\">28.05.2011:<br \/>\nSpecial-Breeding Show in Hessen<br \/>\n&#8220;Bona-Lotta&#8221;<br \/>\nV2 RDTK-CAC\/J, RVDH-CAC\/J<\/p>\n<p style=\"text-align: center\">***<\/p>\n<p style=\"text-align: center\">22.05.2011:<br \/>\nBreeding Show in Speyer.<br \/>\n&#8220;Bona-Lotta&#8221;\u00a0 &#8211; excellent<br \/>\n&#8220;Balthasar&#8221; SG &#8211; her passed the character test.<\/p>\n<p style=\"text-align: center\">***<\/p>\n<p style=\"text-align: center\">27.03.2011<br \/>\n&#8220;Bona Lotta von der Buchenh\u00f6he&#8221; passed the &#8220;Schu\u00dffestigkeitspr\u00fcfung&#8221;.<\/p>\n<p style=\"text-align: center\">***<\/p>\n<p style=\"text-align: center\">&#8220;Bona-Lotta von der Buchenh\u00f6he&#8221;<br \/>\nvv, character test passed<\/p>\n","protected":false},"excerpt":{"rendered":"<p>Erfolge Erfolge 2018: IRAS Offenburg 10.03.2018: Erik von der Buchenh\u00f6he V1 VDH-CAC, res. DTK-CAC, res. CACIB *** Spezialzuchtschau des DWH in Stuttgart 04.02.2018: Erik von der Buchenh\u00f6he V1 VDH-CAC, res. DTK-CAC *** Erfolge 2016: Spezial und Landessiegeraustellung des BDK am 08.10.+09.10.2016 Franziska von der Buchenh\u00f6he V1 VDH-CAC *** German Winner &#8230;<\/p>\n","protected":false},"author":4,"featured_media":0,"parent":74,"menu_order":0,"comment_status":"closed","ping_status":"closed","template":"","meta":{"footnotes":""},"class_list":["post-81","page","type-page","status-publish","hentry"],"_links":{"self":[{"href":"https:\/\/www.teufelsfelsen.de\/en\/wp-json\/wp\/v2\/pages\/81","targetHints":{"allow":["GET"]}}],"collection":[{"href":"https:\/\/www.teufelsfelsen.de\/en\/wp-json\/wp\/v2\/pages"}],"about":[{"href":"https:\/\/www.teufelsfelsen.de\/en\/wp-json\/wp\/v2\/types\/page"}],"author":[{"embeddable":true,"href":"https:\/\/www.teufelsfelsen.de\/en\/wp-json\/wp\/v2\/users\/4"}],"replies":[{"embeddable":true,"href":"https:\/\/www.teufelsfelsen.de\/en\/wp-json\/wp\/v2\/comments?post=81"}],"version-history":[{"count":8,"href":"https:\/\/www.teufelsfelsen.de\/en\/wp-json\/wp\/v2\/pages\/81\/revisions"}],"predecessor-version":[{"id":2404,"href":"https:\/\/www.teufelsfelsen.de\/en\/wp-json\/wp\/v2\/pages\/81\/revisions\/2404"}],"up":[{"embeddable":true,"href":"https:\/\/www.teufelsfelsen.de\/en\/wp-json\/wp\/v2\/pages\/74"}],"wp:attachment":[{"href":"https:\/\/www.teufelsfelsen.de\/en\/wp-json\/wp\/v2\/media?parent=81"}],"curies":[{"name":"wp","href":"https:\/\/api.w.org\/{rel}","templated":true}]}}